{"id":2,"date":"2025-01-29T11:38:20","date_gmt":"2025-01-29T11:38:20","guid":{"rendered":"https:\/\/atolyefern.com\/?page_id=2"},"modified":"2026-04-06T20:22:05","modified_gmt":"2026-04-06T20:22:05","slug":"sample-page","status":"publish","type":"page","link":"https:\/\/atolyefern.com\/index.php\/sample-page\/","title":{"rendered":"At\u00f6lye Fern Kimdir?"},"content":{"rendered":"\n\n\n<p>At\u00f6lye Fern, do\u011fan\u0131n ilham verdi\u011fi formlar\u0131 ve sanat\u0131n estetik dokunu\u015flar\u0131n\u0131 el eme\u011fiyle bulu\u015fturan bir marka olarak do\u011fdu. G\u00fczel Sanatlar fak\u00fcltesinde ald\u0131\u011f\u0131m e\u011fitim, sanata bak\u0131\u015f a\u00e7\u0131m\u0131 \u015fekillendirirken, At\u00f6lye Fern\u2019in de temelini olu\u015fturdu. Her tasar\u0131mda sadece i\u015flevselli\u011fi de\u011fil, ayn\u0131 zamanda sanatsal bir hik\u00e2yeyi de \u00f6n planda tutuyorum.<\/p>\n\n\n\n<p>Marka ismindeki <em>Fern<\/em> (e\u011frelti otu), do\u011fan\u0131n zamans\u0131z zarafetini ve organik desenlerini temsil ediyor. Do\u011fada her yaprak, her dokunu\u015f nas\u0131l e\u015fsizse, At\u00f6lye Fern\u2019de \u00fcretilen her par\u00e7a da ayn\u0131 \u00f6zenle, seri \u00fcretimden uzak bir \u015fekilde hayat buluyor. \u00c7anta ba\u015fta olmak \u00fczere, k\u0131rtasiye ve aksesuar alan\u0131nda \u00fcretilen her \u00fcr\u00fcn, hem sanat\u0131n hem de do\u011fan\u0131n bir yans\u0131mas\u0131.<\/p>\n\n\n\n<p>At\u00f6lye Fern olarak, el i\u015f\u00e7ili\u011fini ve sanatsal yakla\u015f\u0131m\u0131 bir araya getirerek \u00f6zg\u00fcn ve estetik tasar\u0131mlar sunuyorum. Do\u011fadan ilham al\u0131yor, sanat\u0131 g\u00fcndelik ya\u015fama ta\u015f\u0131yorum.<\/p>\n\n\n\n<p><\/p>\n","protected":false},"excerpt":{"rendered":"<p>At\u00f6lye Fern, do\u011fan\u0131n ilham verdi\u011fi formlar\u0131 ve sanat\u0131n estetik dokunu\u015flar\u0131n\u0131 el eme\u011fiyle bulu\u015fturan bir marka olarak do\u011fdu. G\u00fczel Sanatlar fak\u00fcltesinde ald\u0131\u011f\u0131m e\u011fitim, sanata bak\u0131\u015f a\u00e7\u0131m\u0131 \u015fekillendirirken, At\u00f6lye Fern\u2019in de temelini olu\u015fturdu. Her tasar\u0131mda sadece i\u015flevselli\u011fi de\u011fil, ayn\u0131 zamanda sanatsal bir hik\u00e2yeyi de \u00f6n planda tutuyorum. Marka ismindeki Fern (e\u011frelti otu), do\u011fan\u0131n zamans\u0131z zarafetini ve organik [&hellip;]<\/p>\n","protected":false},"author":1,"featured_media":20,"parent":0,"menu_order":0,"comment_status":"closed","ping_status":"closed","template":"","meta":{"saved_in_kubio":true,"footnotes":""},"class_list":["post-2","page","type-page","status-publish","has-post-thumbnail","hentry"],"kubio_ai_page_context":{"short_desc":"","purpose":"general"},"_links":{"self":[{"href":"https:\/\/atolyefern.com\/index.php\/wp-json\/wp\/v2\/pages\/2","targetHints":{"allow":["GET"]}}],"collection":[{"href":"https:\/\/atolyefern.com\/index.php\/wp-json\/wp\/v2\/pages"}],"about":[{"href":"https:\/\/atolyefern.com\/index.php\/wp-json\/wp\/v2\/types\/page"}],"author":[{"embeddable":true,"href":"https:\/\/atolyefern.com\/index.php\/wp-json\/wp\/v2\/users\/1"}],"replies":[{"embeddable":true,"href":"https:\/\/atolyefern.com\/index.php\/wp-json\/wp\/v2\/comments?post=2"}],"version-history":[{"count":4,"href":"https:\/\/atolyefern.com\/index.php\/wp-json\/wp\/v2\/pages\/2\/revisions"}],"predecessor-version":[{"id":327,"href":"https:\/\/atolyefern.com\/index.php\/wp-json\/wp\/v2\/pages\/2\/revisions\/327"}],"wp:featuredmedia":[{"embeddable":true,"href":"https:\/\/atolyefern.com\/index.php\/wp-json\/wp\/v2\/media\/20"}],"wp:attachment":[{"href":"https:\/\/atolyefern.com\/index.php\/wp-json\/wp\/v2\/media?parent=2"}],"curies":[{"name":"wp","href":"https:\/\/api.w.org\/{rel}","templated":true}]}}